{"id":134,"date":"2019-02-01T08:27:56","date_gmt":"2019-02-01T07:27:56","guid":{"rendered":"http:\/\/www.tractionavantcie.org\/tractionavant\/?page_id=134"},"modified":"2021-04-07T17:10:21","modified_gmt":"2021-04-07T15:10:21","slug":"prends-soin-de-toi-ou-pas","status":"publish","type":"page","link":"http:\/\/www.tractionavantcie.org\/tractionavant\/prends-soin-de-toi-ou-pas\/","title":{"rendered":"Prends soin de toi ! (ou pas)"},"content":{"rendered":"<div class=\"menuspect\"><a href=\"#photos\">Photos<\/a><a href=\"#agenda\">Agenda<\/a><\/div>\n<hr \/>\n<h1><a class=\"single_photoswipe\" href=\"http:\/\/www.tractionavantcie.org\/tractionavant\/wp-content\/uploads\/2019\/02\/aff_prends-soin-de-toi.jpg\" data-size=\"848x1200\"><img loading=\"lazy\" class=\"alignright wp-image-2263 size-medium\" src=\"http:\/\/www.tractionavantcie.org\/tractionavant\/wp-content\/uploads\/2019\/02\/aff_prends-soin-de-toi-212x300.jpg\" alt=\"\" width=\"212\" height=\"300\" srcset=\"http:\/\/www.tractionavantcie.org\/tractionavant\/wp-content\/uploads\/2019\/02\/aff_prends-soin-de-toi-212x300.jpg 212w, http:\/\/www.tractionavantcie.org\/tractionavant\/wp-content\/uploads\/2019\/02\/aff_prends-soin-de-toi-768x1087.jpg 768w, http:\/\/www.tractionavantcie.org\/tractionavant\/wp-content\/uploads\/2019\/02\/aff_prends-soin-de-toi-724x1024.jpg 724w, http:\/\/www.tractionavantcie.org\/tractionavant\/wp-content\/uploads\/2019\/02\/aff_prends-soin-de-toi.jpg 848w\" sizes=\"(max-width: 212px) 100vw, 212px\" \/><\/a><strong><img loading=\"lazy\" class=\"gif\" src=\"http:\/\/www.tractionavantcie.org\/images\/gif\/anim-soin2.gif\" alt=\"\" width=\"517\" height=\"141\" \/><\/strong><\/h1>\n<p><strong>Lecture-spectacle<\/strong><br \/>\n<strong>\u00c0 partir de 15 ans<\/strong><br \/>\n<strong>Dur\u00e9e : 1h<\/strong><\/p>\n<p><em>Dans le cadre du r\u00e9seau \u00ab<a href=\"http:\/\/textesadire.canalblog.com\/\"> Textes \u00e0 dire<\/a> \u00bb<\/em><\/p>\n<p><strong><span style=\"color: #a80804;\">Mise en espace &amp; interpr\u00e8tes :<\/span><\/strong> \u00c9lisabeth Granjon &amp; Vincent Villemagne<br \/>\n<strong><span style=\"color: #a80804;\">Soutien technique :<\/span><\/strong> Ludovic Micoud-Terraud<br \/>\n<strong><span style=\"color: #a80804;\">D\u2019apr\u00e8s des textes de :<\/span><\/strong> F. B\u00e9gaudeau, P. Besson, C. Cederstr\u00f6m, M. Kingwell, H. Roubeix, A. Paasilinna, JM. Ribes, F. Chevet, R. Detambel, F. Midal, M. Chung-Hee&#8230;<\/p>\n<p>Dans un monde o\u00f9 les pressions et les peurs semblent s\u2019accro\u00eetre, o\u00f9 les individus sont soumis \u00e0 un flux toujours plus grand d\u2019informations qui fr\u00f4le parfois l\u2019hyst\u00e9rie m\u00e9diatique, l\u2019aspiration \u00e0 davantage de pl\u00e9nitude, d\u2019authenticit\u00e9, d\u2019\u00e9quilibre\u2026 grandit en proportion. Pr\u00e9server son espace int\u00e9rieur des invasions n\u00e9gatives d\u2019un environnement pollu\u00e9 semble devenir une n\u00e9cessit\u00e9 pour qui veut conserver un minimum de lucidit\u00e9 et de sant\u00e9 dans la folie du monde. Mais cela ne s\u2019apparente-t-il pas \u00e0 un repli sur soi, une \u00e9ni\u00e8me variante de l\u2019individualisme ?<\/p>\n<p>Tout serait-il r\u00e9solu dans notre soci\u00e9t\u00e9 au point de n\u2019avoir plus que cela \u00e0 faire : prendre soin de soi ? Aurait-on baiss\u00e9 les bras, renonc\u00e9 \u00e0 changer le monde pour se borner \u00e0 se \u00ab sauvegarder \u00bb soi-m\u00eame ?<\/p>\n<hr \/>\n<h2 id=\"photos\">Photos<\/h2>\n\n\n\t\t<style type='text\/css'>\n\n\t\t\t\/* PhotoSwipe Plugin *\/\n\t\t\t.psgal {\n\t\t\t\tmargin: auto;\n\t\t\t\tpadding-bottom:40px;\n\n\t\t\t\t-webkit-transition: all 0.4s ease;\n\t\t\t\t-moz-transition: all 0.4s ease;\n\t\t\t\t-o-transition: all 0.4s ease;\n\t\t\t\ttransition: all 0.4s ease;\n\n\t\t\t\topacity:0.1;\n\t\t\t\t\n\n\t\t\t}\n\n\t\t\t.psgal.photoswipe_showme{\n\t\t\t\topacity:1;\n\t\t\t}\n\n\t\t\t.psgal figure {\n\t\t\t\tfloat: left;\n\n\t\t\t\t\n\n\t\t\t\ttext-align: center;\n\t\t\t\twidth: 150px;\n\n\t\t\t\tpadding:5px;\n\t\t\t\tmargin: 0px;\n\t\t\t\tbox-sizing:border-box;\n\t\t\t}\n\t\t\t.psgal a{\n\t\t\t\tdisplay:block;\n\t\t\t}\n\n\t\t\t.psgal img {\n\t\t\t\tmargin:auto;\n\t\t\t\tmax-width:100%;\n\t\t\t\twidth: auto;\n\t\t\t\theight: auto;\n\t\t\t\tborder: 0;\n\t\t\t}\n\t\t\t.psgal figure figcaption{\n\t\t\t\tfont-size:13px;\n\t\t\t}\n\n\t\t\t.msnry{\n\t\t\t\tmargin:auto;\n\t\t\t}\n\t\t\t.pswp__caption__center{\n\t\t\t\ttext-align: center;\n\t\t\t}\n\t\t\t\n\t\t<\/style> <div style=\"clear:both\"><\/div>\n\n\t\t<div id=\"psgal_134_1\" class=\"psgal gallery-columns-3 gallery-size-thumbnail\" itemscope itemtype=\"http:\/\/schema.org\/ImageGallery\" >\n\t\t\t\t<figure class=\"msnry_item\" itemscope itemtype=\"http:\/\/schema.org\/ImageObject\">\n\t\t\t\t\t<a href=\"http:\/\/www.tractionavantcie.org\/tractionavant\/wp-content\/uploads\/2019\/02\/prends-soin-de-toi-08.jpg\" itemprop=\"contentUrl\" data-size=\"1504x1000\" data-caption=\"\" >\n\t\t\t\t        <img src=http:\/\/www.tractionavantcie.org\/tractionavant\/wp-content\/uploads\/2019\/02\/prends-soin-de-toi-08-300x199.jpg itemprop=\"thumbnail\" alt=\"\"  \/>\n\t\t\t\t    <\/a>\n\t\t\t\t    <figcaption class=\"photoswipe-gallery-caption\" ><\/figcaption>\n\t\t\t    <\/figure>\n\t\t\t\t<\/div>\n\n\t\t<div style='clear:both'><\/div>\n\n\t\t<script type='text\/javascript'>\n\n\t\t\tvar container_134_1 = document.querySelector('#psgal_134_1');\n\t\t\tvar msnry;\n\n\t\t\t\/\/ initialize  after all images have loaded\n\t\t\timagesLoaded( container_134_1, function() {\n\n\t\t\t\t\n\n\t\t\t\t\t\t\/\/ initialize Masonry after all images have loaded\n\t\t\t\t\t\tnew Masonry( container_134_1, {\n\t\t\t\t\t\t  \/\/ options...\n\t\t\t\t\t\t  itemSelector: '.msnry_item',\n\t\t\t\t\t\t  \/\/columnWidth: 150,\n\t\t\t\t\t\t  isFitWidth: true\n\t\t\t\t\t\t});\n\n\t\t\t\t\t\t(container_134_1).className += ' photoswipe_showme';\n\n\t\t\t\t\t\t\n\n\t\t\t});\n\n\n\t\t<\/script>\n\n\t\n<hr \/>\n<h2 id=\"agenda\">Agenda<\/h2>\n<p>Pas de dates \u00e0 venir pour l&#8217;instant !<\/p>\n","protected":false},"excerpt":{"rendered":"<p>PhotosAgenda Lecture-spectacle \u00c0 partir de 15 ans Dur\u00e9e : 1h Dans le cadre du r\u00e9seau \u00ab Textes \u00e0 dire \u00bb Mise en espace &amp; interpr\u00e8tes : \u00c9lisabeth Granjon &amp; Vincent Villemagne Soutien technique : Ludovic Micoud-Terraud D\u2019apr\u00e8s des textes de : F. B\u00e9gaudeau, P. Besson, C. Cederstr\u00f6m, M. Kingwell, H. Roubeix, A. Paasilinna, JM. Ribes, &hellip; <a href=\"http:\/\/www.tractionavantcie.org\/tractionavant\/prends-soin-de-toi-ou-pas\/\" class=\"more-link\">Continuer la lecture de <span class=\"screen-reader-text\">Prends soin de toi ! (ou pas)<\/span><\/a><\/p>\n","protected":false},"author":1,"featured_media":0,"parent":0,"menu_order":0,"comment_status":"closed","ping_status":"closed","template":"page-spectacle.php","meta":[],"_links":{"self":[{"href":"http:\/\/www.tractionavantcie.org\/tractionavant\/wp-json\/wp\/v2\/pages\/134"}],"collection":[{"href":"http:\/\/www.tractionavantcie.org\/tractionavant\/wp-json\/wp\/v2\/pages"}],"about":[{"href":"http:\/\/www.tractionavantcie.org\/tractionavant\/wp-json\/wp\/v2\/types\/page"}],"author":[{"embeddable":true,"href":"http:\/\/www.tractionavantcie.org\/tractionavant\/wp-json\/wp\/v2\/users\/1"}],"replies":[{"embeddable":true,"href":"http:\/\/www.tractionavantcie.org\/tractionavant\/wp-json\/wp\/v2\/comments?post=134"}],"version-history":[{"count":21,"href":"http:\/\/www.tractionavantcie.org\/tractionavant\/wp-json\/wp\/v2\/pages\/134\/revisions"}],"predecessor-version":[{"id":2503,"href":"http:\/\/www.tractionavantcie.org\/tractionavant\/wp-json\/wp\/v2\/pages\/134\/revisions\/2503"}],"wp:attachment":[{"href":"http:\/\/www.tractionavantcie.org\/tractionavant\/wp-json\/wp\/v2\/media?parent=134"}],"curies":[{"name":"wp","href":"https:\/\/api.w.org\/{rel}","templated":true}]}}