{"id":3393,"date":"2023-03-17T06:29:56","date_gmt":"2023-03-17T05:29:56","guid":{"rendered":"http:\/\/www.tractionavantcie.org\/tractionavant\/?page_id=3393"},"modified":"2023-04-14T09:44:32","modified_gmt":"2023-04-14T07:44:32","slug":"infolettre-fevrier-2023","status":"publish","type":"page","link":"http:\/\/www.tractionavantcie.org\/tractionavant\/infolettre-fevrier-2023\/","title":{"rendered":"Infolettre &#8211; F\u00e9vrier 2023"},"content":{"rendered":"<div style=\"max-width: 800px; margin: 0 auto; border: 0.1rem solid #999;\">\n<p style=\"text-align: center;\"><img loading=\"lazy\" class=\"aligncenter size-full wp-image-3339\" style=\"max-width: 100%; height: auto;\" src=\"http:\/\/www.tractionavantcie.org\/tractionavant\/wp-content\/uploads\/2023\/03\/fond-newsletter2.jpg\" alt=\"\" width=\"1200\" height=\"456\" srcset=\"http:\/\/www.tractionavantcie.org\/tractionavant\/wp-content\/uploads\/2023\/03\/fond-newsletter2.jpg 1200w, http:\/\/www.tractionavantcie.org\/tractionavant\/wp-content\/uploads\/2023\/03\/fond-newsletter2-300x114.jpg 300w, http:\/\/www.tractionavantcie.org\/tractionavant\/wp-content\/uploads\/2023\/03\/fond-newsletter2-1024x389.jpg 1024w, http:\/\/www.tractionavantcie.org\/tractionavant\/wp-content\/uploads\/2023\/03\/fond-newsletter2-768x292.jpg 768w\" sizes=\"(max-width: 1200px) 100vw, 1200px\" \/><\/p>\n<div style=\"padding: 0 10px 0 10px;\">\n<p style=\"text-align: center;\"><span style=\"font-size: 17pt; color: #000000;\"><strong><span style=\"font-family: trebuchet ms, geneva, sans-serif;\">NOS COEURS EN HIVER<\/span><\/strong><\/span><\/p>\n<p style=\"text-align: center;\"><span style=\"font-family: trebuchet ms, geneva, sans-serif; color: #808080; font-size: 12pt;\">Quel que soit notre \u00e2ge, l\u2019\u00e9tat amoureux nous fait entrer dans un \u00e9tat hallucinatoire qui nous invite \u00e0 d\u00e9crocher temporairement de la pesanteur du r\u00e9el et nous ram\u00e8ne \u00e0 notre adolescence o\u00f9 tout est plus intense, plus fort. On retrouve cet \u00e9tat d\u2019exaltation, tout \u00e0 coup le c\u0153ur bat plus vite, on se cramponne \u00e0 son t\u00e9l\u00e9phone, on fr\u00e9mit, on s\u2019enflamme&#8230;<\/span><\/p>\n<hr \/>\n<p style=\"text-align: center;\"><a class=\"single_photoswipe\" href=\"http:\/\/www.tractionavantcie.org\/tractionavant\/wp-content\/uploads\/2023\/03\/vincent-elisabeth.jpg\" data-size=\"600x274\"><img loading=\"lazy\" class=\" wp-image-3396 aligncenter\" style=\"margin-bottom: 0; padding-bottom: 0;\" src=\"http:\/\/www.tractionavantcie.org\/tractionavant\/wp-content\/uploads\/2023\/03\/vincent-elisabeth.jpg\" alt=\"\" width=\"339\" height=\"155\" srcset=\"http:\/\/www.tractionavantcie.org\/tractionavant\/wp-content\/uploads\/2023\/03\/vincent-elisabeth.jpg 600w, http:\/\/www.tractionavantcie.org\/tractionavant\/wp-content\/uploads\/2023\/03\/vincent-elisabeth-300x137.jpg 300w\" sizes=\"(max-width: 339px) 100vw, 339px\" \/><\/a><span style=\"font-size: 10pt; color: #808080;\">Vincent Villemagne &#8211; \u00c9lisabeth Granjon<\/span><\/p>\n<p style=\"text-align: center;\"><span style=\"font-family: trebuchet ms, geneva, sans-serif; color: #808080; font-size: 12pt;\">Joyeuse et sensible, l\u00e9g\u00e8re et grave comme le sentiment amoureux, <strong>NOS C\u0152URS ADOLESCENTS<\/strong> est une lecture-spectacle qui r\u00e9unit diff\u00e9rentes g\u00e9n\u00e9rations autour d\u2019un sujet universel, vieux comme le monde, et pourtant neuf \u00e0 chaque fois qu\u2019il nous advient.<\/span><\/p>\n<p style=\"text-align: left;\"><a class=\"single_photoswipe\" href=\"http:\/\/www.tractionavantcie.org\/tractionavant\/wp-content\/uploads\/2023\/03\/Nos-coeurs-adolescents.jpg\" data-size=\"353x500\"><img loading=\"lazy\" class=\" wp-image-3397 aligncenter\" src=\"http:\/\/www.tractionavantcie.org\/tractionavant\/wp-content\/uploads\/2023\/03\/Nos-coeurs-adolescents.jpg\" alt=\"\" width=\"171\" height=\"242\" srcset=\"http:\/\/www.tractionavantcie.org\/tractionavant\/wp-content\/uploads\/2023\/03\/Nos-coeurs-adolescents.jpg 353w, http:\/\/www.tractionavantcie.org\/tractionavant\/wp-content\/uploads\/2023\/03\/Nos-coeurs-adolescents-212x300.jpg 212w\" sizes=\"(max-width: 171px) 100vw, 171px\" \/><\/a><\/p>\n<p style=\"text-align: left;\"><em><span style=\"font-family: trebuchet ms, geneva, sans-serif; color: #808080; font-size: 12pt;\">D\u2019apr\u00e8s David Foenkinos, Cl\u00e9mentine Beauvais, Agn\u00e8s Desarthe, Florence Medina, John Green, Sylvain Pattieu\u2026<br \/>\n<\/span><\/em><\/p>\n<p style=\"text-align: left;\"><em><span style=\"font-family: trebuchet ms, geneva, sans-serif; color: #808080; font-size: 12pt;\">Dur\u00e9e : 1h, \u00e0 partir de 12 ans, dans le cadre du r\u00e9seau \u00ab Textes \u00e0 dire \u00bb :<\/span><\/em><\/p>\n<p style=\"text-align: center;\"><em><span style=\"font-family: trebuchet ms, geneva, sans-serif; color: #808080; font-size: 12pt;\"><span style=\"font-size: 14pt;\"><strong>Le vendredi 24 f\u00e9vrier \u00e0 19h30<\/strong><\/span><br \/>\n\u00e0 La M\u00e9mo 8 rue de la R\u00e9publique Oullins <\/span><\/em><\/p>\n<p style=\"text-align: center;\"><em><span style=\"font-family: trebuchet ms, geneva, sans-serif; color: #808080; font-size: 12pt;\"><span style=\"font-size: 14pt;\"><strong>Le jeudi 2 mars \u00e0 14h30<\/strong><\/span><br \/>\n\u00e0 M\u00e9diaLune \u00e0 l\u2019Atrium 35 avenue du 8 mai 1945<\/span><\/em><\/p>\n<p style=\"text-align: center;\"><em><span style=\"font-family: trebuchet ms, geneva, sans-serif; color: #808080; font-size: 12pt;\"><span style=\"font-size: 14pt;\"><strong>Le vendredi 3 Mars \u00e0 19h<\/strong><\/span><br \/>\n\u00e0 la M\u00e9diath\u00e8que municipale 20-24 rue Jo Gouttebarge \u00e0 St. \u00c9tienne.<\/span><\/em><\/p>\n<hr \/>\n<div style=\"padding: 30px 20px 0 20px; border: 0.1rem solid #999; background-color: #cccccc;\">\n<p style=\"text-align: left;\"><span style=\"font-family: trebuchet ms, geneva, sans-serif; color: #808080; font-size: 12pt;\">Parce qu\u2019\u00c9lisabeth n\u2019est pas seulement la co-lectrice de NOS C\u0152URS ADOLESCENTS, profitons de notre lettre d\u2019information pour vous rappeler (et pour signifier \u00e0 qui cela aurait \u00e9chapp\u00e9) qu\u2019elle est \u00e9galement autrice d\u2019un recueil de po\u00e8mes : <\/span><\/p>\n<p style=\"text-align: center;\"><strong><span style=\"font-size: 14pt;\"><span style=\"font-family: trebuchet ms, geneva, sans-serif; color: #808080;\">Ma Voix Silence (La Rumeur Libre \u00c9ditions)<br \/>\n<\/span><span style=\"font-family: trebuchet ms, geneva, sans-serif; color: #808080;\">10 euros<\/span><\/span><\/strong><\/p>\n<p><a class=\"single_photoswipe\" href=\"http:\/\/www.tractionavantcie.org\/tractionavant\/wp-content\/uploads\/2023\/03\/0005_mavoixsilence_cover_RVB_400.jpg\" data-size=\"400x589\"><img loading=\"lazy\" class=\" wp-image-3398 aligncenter\" src=\"http:\/\/www.tractionavantcie.org\/tractionavant\/wp-content\/uploads\/2023\/03\/0005_mavoixsilence_cover_RVB_400.jpg\" alt=\"\" width=\"167\" height=\"246\" srcset=\"http:\/\/www.tractionavantcie.org\/tractionavant\/wp-content\/uploads\/2023\/03\/0005_mavoixsilence_cover_RVB_400.jpg 400w, http:\/\/www.tractionavantcie.org\/tractionavant\/wp-content\/uploads\/2023\/03\/0005_mavoixsilence_cover_RVB_400-204x300.jpg 204w\" sizes=\"(max-width: 167px) 100vw, 167px\" \/><\/a><\/p>\n<p style=\"text-align: justify;\"><span style=\"font-family: trebuchet ms, geneva, sans-serif; color: #808080; font-size: 12pt;\">En librairie ou commande sur le site : <a href=\"https:\/\/www.larumeurlibre.fr\/catalogue\/collections_la_rumeur_libre\/noces\/ma_voix_silence_granjon_elisabeth\" target=\"_blank\" rel=\"noopener\">https:\/\/www.larumeurlibre.fr\/catalogue\/collections_la_rumeur_libre\/noces\/ma_voix_silence_granjon_elisabeth<\/a><\/span><\/p>\n<p style=\"text-align: justify; margin-bottom: 0;\"><span style=\"font-family: trebuchet ms, geneva, sans-serif; color: #808080; font-size: 12pt;\"><em> \u00ab Dans une s\u00e9rie de beaux et courts po\u00e8mes, elle d\u00e9crit son incapacit\u00e9 \u00e0 participer \u00e0 une conversation, puis ses tentatives plus ou moins fructueuses et ses replis. \u00ab Alors, je d\u00e9cide de prendre le silence comme on prendrait la parole \u00bb \u00e9crit-elle avec tristesse. Elle fait alors appel \u00e0 ses sens : \u00ab Ouvrir mes \u00e9coutilles au langage des ondes, \u00e0 l\u2019infime et au sensitif, lire sur les peaux, \u00e9couter les odeurs d\u2019ici, les battements et le vibrato \u00bb. Simple, prenante, l\u2019\u00e9criture d\u2019\u00c9lisabeth Granjon vous saisit. Qui a un jour pos\u00e9 ses valises ailleurs sera embarqu\u00e9 par la justesse de ses r\u00e9flexions. Et par la sensibilit\u00e9 qui s\u2019empare de chacune d\u2019entre elles. Et l\u2019on pense forc\u00e9ment \u00e0 ceux qui, jet\u00e9s sur les routes, n\u2019ont m\u00eame pas la possibilit\u00e9 d\u2019expliquer le pourquoi de leur pr\u00e9sence. \u00bb<\/em><br \/>\n<\/span><\/p>\n<p style=\"text-align: right; margin-top: 0;\"><span style=\"font-family: trebuchet ms, geneva, sans-serif; color: #808080; font-size: 12pt;\">J.Charles Lemeunier (expression d\u00e9cembre 21)<\/span><\/p>\n<\/div>\n<hr \/>\n<p style=\"text-align: center;\"><a class=\"single_photoswipe\" href=\"http:\/\/www.tractionavantcie.org\/tractionavant\/wp-content\/uploads\/2023\/03\/Affiche-ballade.jpg\" data-size=\"354x500\"><img loading=\"lazy\" class=\" wp-image-3399 aligncenter\" src=\"http:\/\/www.tractionavantcie.org\/tractionavant\/wp-content\/uploads\/2023\/03\/Affiche-ballade.jpg\" alt=\"\" width=\"190\" height=\"268\" srcset=\"http:\/\/www.tractionavantcie.org\/tractionavant\/wp-content\/uploads\/2023\/03\/Affiche-ballade.jpg 354w, http:\/\/www.tractionavantcie.org\/tractionavant\/wp-content\/uploads\/2023\/03\/Affiche-ballade-212x300.jpg 212w\" sizes=\"(max-width: 190px) 100vw, 190px\" \/><\/a><\/p>\n<p style=\"text-align: center;\"><span style=\"font-family: trebuchet ms, geneva, sans-serif; color: #808080; font-size: 12pt;\">\u00c7a y est ! <strong>LA BALLADE DES GENS QUI SONT N\u00c9S QUELQUE PART<\/strong>, notre s\u00e9rie v\u00e9nissiane sort le <strong>8 mars<\/strong> en avant programme de longs m\u00e9trages au cin\u00e9ma G\u00e9rard Philippe de V\u00e9nissieux \u00e0 raison d\u2019un nouvel \u00e9pisode tous les 15 jours. Et on commence en beaut\u00e9, puisque notre premier \u00e9pisode va \u00eatre projet\u00e9 lors des s\u00e9ances de deux films de r\u00e9alisatrices : BRILLANTES de Sylvie Gautier et SOUS LES FIGUES de la r\u00e9alisatrice v\u00e9nissianne \u00c9rige Sehiri. Et ce n\u2019est pas tout ! Il sera \u00e9galement projet\u00e9 dans le cadre du <strong>festival Essenti (elle)<\/strong> de la ville lors de l\u2019avant-premi\u00e8re du nouveau film de Mounia Meddour HOURIA le <strong>10 mars<\/strong>. Venez, \u00e7a va \u00eatre fort ! <\/span><\/p>\n<hr \/>\n<p style=\"text-align: center;\"><span style=\"font-family: trebuchet ms, geneva, sans-serif; color: #808080; font-size: 12pt;\"><span style=\"font-size: 14pt; color: #000000;\"><strong>LA PETITE FILLE SOUS LA RIVI\u00c8RE<\/strong><\/span><br \/>\n<\/span><\/p>\n<p style=\"text-align: justify;\"><span style=\"font-family: trebuchet ms, geneva, sans-serif; color: #808080; font-size: 12pt;\">Juste avant cela, nous continuons la fabrique du nouveau spectacle jeune public de la compagnie avec la deuxi\u00e8me r\u00e9sidence de cr\u00e9ation qui aura lieu cette fois en Haute Loire du 20 au 26 f\u00e9vrier dans le cadre du festival L\u00e9zard d\u2019hiver.<\/span><a href=\"http:\/\/www.tractionavantcie.org\/tractionavant\/la-petite-fille-sous-la-riviere-video-2\/\" target=\"_blank\" rel=\"noopener\"><img loading=\"lazy\" class=\"aligncenter wp-image-3400 size-full\" src=\"http:\/\/www.tractionavantcie.org\/tractionavant\/wp-content\/uploads\/2023\/03\/La-petite-fille-sous-la-riviere-v2.jpg\" alt=\"\" width=\"1193\" height=\"500\" srcset=\"http:\/\/www.tractionavantcie.org\/tractionavant\/wp-content\/uploads\/2023\/03\/La-petite-fille-sous-la-riviere-v2.jpg 1193w, http:\/\/www.tractionavantcie.org\/tractionavant\/wp-content\/uploads\/2023\/03\/La-petite-fille-sous-la-riviere-v2-300x126.jpg 300w, http:\/\/www.tractionavantcie.org\/tractionavant\/wp-content\/uploads\/2023\/03\/La-petite-fille-sous-la-riviere-v2-1024x429.jpg 1024w, http:\/\/www.tractionavantcie.org\/tractionavant\/wp-content\/uploads\/2023\/03\/La-petite-fille-sous-la-riviere-v2-768x322.jpg 768w\" sizes=\"(max-width: 1193px) 100vw, 1193px\" \/><\/a><\/p>\n<hr \/>\n<p style=\"text-align: center;\"><img loading=\"lazy\" class=\"aligncenter size-full wp-image-3344\" style=\"margin-bottom: 0; padding-bottom: 0;\" src=\"http:\/\/www.tractionavantcie.org\/tractionavant\/wp-content\/uploads\/2023\/03\/image1.jpg\" alt=\"\" width=\"140\" height=\"105\" \/><span style=\"font-family: trebuchet ms, geneva, sans-serif; color: #808080; font-size: 10pt;\">13 avenue Marcel Paul 69200 V\u00e9nissieux<br \/>\n<\/span><span style=\"font-family: trebuchet ms, geneva, sans-serif; color: #808080; font-size: 10pt;\">T\u00e9l : 04 72 90 11 84<\/span><br \/>\n<span style=\"font-family: trebuchet ms, geneva, sans-serif; color: #808080; font-size: 10pt;\"><a href=\"mailto:traction.avant@wanadoo.fr\" target=\"_blank\" rel=\"noopener\">traction.avant@wanadoo.fr<\/a> | <a href=\"http:\/\/www.tractionavantcie.org\">www.tractionavantcie.org<\/a><br \/>\n<\/span><span style=\"font-family: trebuchet ms, geneva, sans-serif; color: #808080; font-size: 10pt;\">Licences d\u2019entrepreneur du spectacle : L-R-20-5245 | L-R-20-5247<\/span><br \/>\n<span style=\"font-family: trebuchet ms, geneva, sans-serif; color: #808080; font-size: 10pt;\">\u00a0<\/span><br \/>\n<span style=\"font-family: trebuchet ms, geneva, sans-serif; color: #808080; font-size: 10pt;\">\u00a0 \u00a0 <span class=\"x_x_x_x_x_x_ContentPasted13\"><span class=\"x_x_x_x_x_x_ContentPasted19 x_x_x_x_x_x_ContentPasted22\"><a href=\"http:\/\/www.tractionavantcie.org\/tractionavant\/wp-content\/uploads\/2023\/03\/logo-facebook.png\"> \u00a0<\/a><a href=\"https:\/\/fr-fr.facebook.com\/TractionAvantCompagnie\" target=\"_blank\" rel=\"noopener\"><img loading=\"lazy\" class=\"alignnone wp-image-3345 size-full\" src=\"http:\/\/www.tractionavantcie.org\/tractionavant\/wp-content\/uploads\/2023\/03\/logo-facebook.png\" alt=\"\" width=\"50\" height=\"50\" \/> \u00a0<\/a><a href=\"https:\/\/www.youtube.com\/@tractionavantcie8533\/playlists\" target=\"_blank\" rel=\"noopener\"><img loading=\"lazy\" class=\"alignnone wp-image-3346 size-full\" src=\"http:\/\/www.tractionavantcie.org\/tractionavant\/wp-content\/uploads\/2023\/03\/YouTube.jpg\" alt=\"\" width=\"50\" height=\"50\" \/><\/a><a id=\"LPlnk671796\" title=\"https:\/\/fr-fr.facebook.com\/TractionAvantCompagnie\" href=\"https:\/\/fr-fr.facebook.com\/TractionAvantCompagnie\" target=\"_blank\" rel=\"noopener noreferrer\" data-auth=\"NotApplicable\" data-linkindex=\"4\"><\/a><br \/>\n<\/span><\/span><\/span><span style=\"font-family: trebuchet ms, geneva, sans-serif; color: #808080; font-size: 10pt;\">\u00a0Pour adh\u00e9rer :<\/span><span style=\"font-family: trebuchet ms, geneva, sans-serif; color: #808080; font-size: 10pt;\"><a href=\"https:\/\/www.helloasso.com\/associations\/traction-avant-cie\/adhesions\/adhesion-2021-2022-3\"><img loading=\"lazy\" class=\"aligncenter wp-image-3347\" src=\"http:\/\/www.tractionavantcie.org\/tractionavant\/wp-content\/uploads\/2023\/03\/logo-helloasso.png\" alt=\"\" width=\"136\" height=\"28\" \/><\/a><\/span><span style=\"font-family: trebuchet ms, geneva, sans-serif; color: #808080; font-size: 10pt;\">Pour vous d\u00e9sinscrire de la liste de diffusion, <a href=\"http:\/\/www.tractionavantcie.org\/tractionavant\/desinscription-newsletter\/\" target=\"_blank\" rel=\"noopener\">suivez ce lien<\/a><\/span><\/p>\n<\/div>\n<\/div>\n","protected":false},"excerpt":{"rendered":"<p>NOS COEURS EN HIVER Quel que soit notre \u00e2ge, l\u2019\u00e9tat amoureux nous fait entrer dans un \u00e9tat hallucinatoire qui nous invite \u00e0 d\u00e9crocher temporairement de la pesanteur du r\u00e9el et nous ram\u00e8ne \u00e0 notre adolescence o\u00f9 tout est plus intense, plus fort. On retrouve cet \u00e9tat d\u2019exaltation, tout \u00e0 coup le c\u0153ur bat plus vite, &hellip; <a href=\"http:\/\/www.tractionavantcie.org\/tractionavant\/infolettre-fevrier-2023\/\" class=\"more-link\">Continuer la lecture de <span class=\"screen-reader-text\">Infolettre &#8211; F\u00e9vrier 2023<\/span><\/a><\/p>\n","protected":false},"author":1,"featured_media":0,"parent":0,"menu_order":0,"comment_status":"closed","ping_status":"closed","template":"page-blanc.php","meta":[],"_links":{"self":[{"href":"http:\/\/www.tractionavantcie.org\/tractionavant\/wp-json\/wp\/v2\/pages\/3393"}],"collection":[{"href":"http:\/\/www.tractionavantcie.org\/tractionavant\/wp-json\/wp\/v2\/pages"}],"about":[{"href":"http:\/\/www.tractionavantcie.org\/tractionavant\/wp-json\/wp\/v2\/types\/page"}],"author":[{"embeddable":true,"href":"http:\/\/www.tractionavantcie.org\/tractionavant\/wp-json\/wp\/v2\/users\/1"}],"replies":[{"embeddable":true,"href":"http:\/\/www.tractionavantcie.org\/tractionavant\/wp-json\/wp\/v2\/comments?post=3393"}],"version-history":[{"count":7,"href":"http:\/\/www.tractionavantcie.org\/tractionavant\/wp-json\/wp\/v2\/pages\/3393\/revisions"}],"predecessor-version":[{"id":3440,"href":"http:\/\/www.tractionavantcie.org\/tractionavant\/wp-json\/wp\/v2\/pages\/3393\/revisions\/3440"}],"wp:attachment":[{"href":"http:\/\/www.tractionavantcie.org\/tractionavant\/wp-json\/wp\/v2\/media?parent=3393"}],"curies":[{"name":"wp","href":"https:\/\/api.w.org\/{rel}","templated":true}]}}