{"id":402,"date":"2019-02-04T13:26:03","date_gmt":"2019-02-04T12:26:03","guid":{"rendered":"http:\/\/www.tractionavantcie.org\/tractionavant\/?page_id=402"},"modified":"2021-04-07T17:07:00","modified_gmt":"2021-04-07T15:07:00","slug":"je-suis-gay-cest-toujours-mieux-que-detre-triste","status":"publish","type":"page","link":"http:\/\/www.tractionavantcie.org\/tractionavant\/je-suis-gay-cest-toujours-mieux-que-detre-triste\/","title":{"rendered":"Je suis gay, c\u2019est toujours mieux que d\u2019\u00eatre triste"},"content":{"rendered":"<div class=\"menuspect\"><a href=\"#photos\">Photos<\/a><\/div>\n<hr \/>\n<h1><a class=\"single_photoswipe\" href=\"http:\/\/www.tractionavantcie.org\/tractionavant\/wp-content\/uploads\/2019\/02\/aff_je-suis-gay.jpg\" data-size=\"857x1200\"><img loading=\"lazy\" class=\"alignright wp-image-2273 size-medium\" src=\"http:\/\/www.tractionavantcie.org\/tractionavant\/wp-content\/uploads\/2019\/02\/aff_je-suis-gay-214x300.jpg\" alt=\"\" width=\"214\" height=\"300\" srcset=\"http:\/\/www.tractionavantcie.org\/tractionavant\/wp-content\/uploads\/2019\/02\/aff_je-suis-gay-214x300.jpg 214w, http:\/\/www.tractionavantcie.org\/tractionavant\/wp-content\/uploads\/2019\/02\/aff_je-suis-gay-768x1075.jpg 768w, http:\/\/www.tractionavantcie.org\/tractionavant\/wp-content\/uploads\/2019\/02\/aff_je-suis-gay-731x1024.jpg 731w, http:\/\/www.tractionavantcie.org\/tractionavant\/wp-content\/uploads\/2019\/02\/aff_je-suis-gay.jpg 857w\" sizes=\"(max-width: 214px) 100vw, 214px\" \/><\/a><strong><img loading=\"lazy\" class=\"gif\" src=\"http:\/\/www.tractionavantcie.org\/images\/gif\/anim-gay02.gif\" alt=\"\" width=\"419\" height=\"61\" \/><\/strong><\/h1>\n<p><strong>Lecture-spectacle<\/strong><br \/>\n<strong>\u00c0 partir de 15 ans<\/strong><br \/>\n<strong>Dur\u00e9e : 1h10<\/strong><\/p>\n<p><em>Dans le cadre du r\u00e9seau <a href=\"http:\/\/textesadire.canalblog.com\/\">\u00ab Textes \u00e0 dire \u00bb<\/a><\/em><\/p>\n<p><strong><span style=\"color: #a80804;\">Mise en espace et interpr\u00e8tes :<\/span><\/strong> \u00c9lisabeth Granjon &amp; Vincent Villemagne<br \/>\n<strong><span style=\"color: #a80804;\">Soutien technique :<\/span> <\/strong>Ludovic Micoud-Terraud<br \/>\n<strong><span style=\"color: #a80804;\">D\u2019apr\u00e8s des textes de :<\/span><\/strong> William Corlett, Denis Lachaud, Edmund White, Yves Navarre, Lucia Etxebarria, Naomi Alderman, Nina Bouraoui, Armistead Maupin, Jim Grimsley\u2026<br \/>\n<strong><span style=\"color: #a80804;\">Pr\u00eat d\u2019images :<\/span><\/strong> Michel Chomarat<\/p>\n<p>Cette lecture-spectacle aborde le th\u00e8me de l\u2019homosexualit\u00e9, sujet singulier et pluriel, lieu d\u2019histoires intimes et sociales, objet d\u2019\u00e9criture, de r\u00e9flexions et de d\u00e9bat. Y sont \u00e9voqu\u00e9s l\u2019homosexualit\u00e9 f\u00e9minine et masculine, la difficult\u00e9 de s\u2019accepter homosexuel<span class=\"aCOpRe\">\u00b7le<\/span> et d\u2019\u00eatre accept\u00e9 comme tel<span class=\"aCOpRe\">\u00b7<\/span>le, mais aussi la possibilit\u00e9 de trouver, malgr\u00e9 tout, son \u00e9quilibre, et de d\u00e9velopper des relations harmonieuses avec son entourage.<\/p>\n<p>Loin de s\u2019enfermer dans une d\u00e9marche communautariste, cette lecture-spectacle nous invite, \u00e0 travers des textes parfois graves, dr\u00f4les, mais toujours justes et sensibles, \u00e0 apprivoiser cette forme de l\u2019alt\u00e9rit\u00e9.<\/p>\n<hr \/>\n<h2 id=\"photos\">Photos<\/h2>\n\n\n\t\t<style type='text\/css'>\n\n\t\t\t\/* PhotoSwipe Plugin *\/\n\t\t\t.psgal {\n\t\t\t\tmargin: auto;\n\t\t\t\tpadding-bottom:40px;\n\n\t\t\t\t-webkit-transition: all 0.4s ease;\n\t\t\t\t-moz-transition: all 0.4s ease;\n\t\t\t\t-o-transition: all 0.4s ease;\n\t\t\t\ttransition: all 0.4s ease;\n\n\t\t\t\topacity:0.1;\n\t\t\t\t\n\n\t\t\t}\n\n\t\t\t.psgal.photoswipe_showme{\n\t\t\t\topacity:1;\n\t\t\t}\n\n\t\t\t.psgal figure {\n\t\t\t\tfloat: left;\n\n\t\t\t\t\n\n\t\t\t\ttext-align: center;\n\t\t\t\twidth: 150px;\n\n\t\t\t\tpadding:5px;\n\t\t\t\tmargin: 0px;\n\t\t\t\tbox-sizing:border-box;\n\t\t\t}\n\t\t\t.psgal a{\n\t\t\t\tdisplay:block;\n\t\t\t}\n\n\t\t\t.psgal img {\n\t\t\t\tmargin:auto;\n\t\t\t\tmax-width:100%;\n\t\t\t\twidth: auto;\n\t\t\t\theight: auto;\n\t\t\t\tborder: 0;\n\t\t\t}\n\t\t\t.psgal figure figcaption{\n\t\t\t\tfont-size:13px;\n\t\t\t}\n\n\t\t\t.msnry{\n\t\t\t\tmargin:auto;\n\t\t\t}\n\t\t\t.pswp__caption__center{\n\t\t\t\ttext-align: center;\n\t\t\t}\n\t\t\t\n\t\t<\/style> <div style=\"clear:both\"><\/div>\n\n\t\t<div id=\"psgal_402_1\" class=\"psgal gallery-columns-3 gallery-size-thumbnail\" itemscope itemtype=\"http:\/\/schema.org\/ImageGallery\" >\n\t\t\t\t<figure class=\"msnry_item\" itemscope itemtype=\"http:\/\/schema.org\/ImageObject\">\n\t\t\t\t\t<a href=\"http:\/\/www.tractionavantcie.org\/tractionavant\/wp-content\/uploads\/2019\/02\/gay01.jpg\" itemprop=\"contentUrl\" data-size=\"893x670\" data-caption=\"\" >\n\t\t\t\t        <img src=http:\/\/www.tractionavantcie.org\/tractionavant\/wp-content\/uploads\/2019\/02\/gay01-300x225.jpg itemprop=\"thumbnail\" alt=\"\"  \/>\n\t\t\t\t    <\/a>\n\t\t\t\t    <figcaption class=\"photoswipe-gallery-caption\" ><\/figcaption>\n\t\t\t    <\/figure>\n\t\t\t\t\n\t\t\t\t<figure class=\"msnry_item\" itemscope itemtype=\"http:\/\/schema.org\/ImageObject\">\n\t\t\t\t\t<a href=\"http:\/\/www.tractionavantcie.org\/tractionavant\/wp-content\/uploads\/2019\/02\/gay04.jpg\" itemprop=\"contentUrl\" data-size=\"503x670\" data-caption=\"\" >\n\t\t\t\t        <img src=http:\/\/www.tractionavantcie.org\/tractionavant\/wp-content\/uploads\/2019\/02\/gay04-225x300.jpg itemprop=\"thumbnail\" alt=\"\"  \/>\n\t\t\t\t    <\/a>\n\t\t\t\t    <figcaption class=\"photoswipe-gallery-caption\" ><\/figcaption>\n\t\t\t    <\/figure>\n\t\t\t\t\n\t\t\t\t<figure class=\"msnry_item\" itemscope itemtype=\"http:\/\/schema.org\/ImageObject\">\n\t\t\t\t\t<a href=\"http:\/\/www.tractionavantcie.org\/tractionavant\/wp-content\/uploads\/2019\/02\/gay06.jpg\" itemprop=\"contentUrl\" data-size=\"670x670\" data-caption=\"\" >\n\t\t\t\t        <img src=http:\/\/www.tractionavantcie.org\/tractionavant\/wp-content\/uploads\/2019\/02\/gay06-300x300.jpg itemprop=\"thumbnail\" alt=\"\"  \/>\n\t\t\t\t    <\/a>\n\t\t\t\t    <figcaption class=\"photoswipe-gallery-caption\" ><\/figcaption>\n\t\t\t    <\/figure>\n\t\t\t\t\n\t\t\t\t<figure class=\"msnry_item\" itemscope itemtype=\"http:\/\/schema.org\/ImageObject\">\n\t\t\t\t\t<a href=\"http:\/\/www.tractionavantcie.org\/tractionavant\/wp-content\/uploads\/2019\/02\/gay08.jpg\" itemprop=\"contentUrl\" data-size=\"670x670\" data-caption=\"\" >\n\t\t\t\t        <img src=http:\/\/www.tractionavantcie.org\/tractionavant\/wp-content\/uploads\/2019\/02\/gay08-300x300.jpg itemprop=\"thumbnail\" alt=\"\"  \/>\n\t\t\t\t    <\/a>\n\t\t\t\t    <figcaption class=\"photoswipe-gallery-caption\" ><\/figcaption>\n\t\t\t    <\/figure>\n\t\t\t\t<\/div>\n\n\t\t<div style='clear:both'><\/div>\n\n\t\t<script type='text\/javascript'>\n\n\t\t\tvar container_402_1 = document.querySelector('#psgal_402_1');\n\t\t\tvar msnry;\n\n\t\t\t\/\/ initialize  after all images have loaded\n\t\t\timagesLoaded( container_402_1, function() {\n\n\t\t\t\t\n\n\t\t\t\t\t\t\/\/ initialize Masonry after all images have loaded\n\t\t\t\t\t\tnew Masonry( container_402_1, {\n\t\t\t\t\t\t  \/\/ options...\n\t\t\t\t\t\t  itemSelector: '.msnry_item',\n\t\t\t\t\t\t  \/\/columnWidth: 150,\n\t\t\t\t\t\t  isFitWidth: true\n\t\t\t\t\t\t});\n\n\t\t\t\t\t\t(container_402_1).className += ' photoswipe_showme';\n\n\t\t\t\t\t\t\n\n\t\t\t});\n\n\n\t\t<\/script>\n\n\t\n","protected":false},"excerpt":{"rendered":"<p>Photos Lecture-spectacle \u00c0 partir de 15 ans Dur\u00e9e : 1h10 Dans le cadre du r\u00e9seau \u00ab Textes \u00e0 dire \u00bb Mise en espace et interpr\u00e8tes : \u00c9lisabeth Granjon &amp; Vincent Villemagne Soutien technique : Ludovic Micoud-Terraud D\u2019apr\u00e8s des textes de : William Corlett, Denis Lachaud, Edmund White, Yves Navarre, Lucia Etxebarria, Naomi Alderman, Nina Bouraoui, &hellip; <a href=\"http:\/\/www.tractionavantcie.org\/tractionavant\/je-suis-gay-cest-toujours-mieux-que-detre-triste\/\" class=\"more-link\">Continuer la lecture de <span class=\"screen-reader-text\">Je suis gay, c\u2019est toujours mieux que d\u2019\u00eatre triste<\/span><\/a><\/p>\n","protected":false},"author":1,"featured_media":0,"parent":0,"menu_order":0,"comment_status":"closed","ping_status":"closed","template":"page-spectacle.php","meta":[],"_links":{"self":[{"href":"http:\/\/www.tractionavantcie.org\/tractionavant\/wp-json\/wp\/v2\/pages\/402"}],"collection":[{"href":"http:\/\/www.tractionavantcie.org\/tractionavant\/wp-json\/wp\/v2\/pages"}],"about":[{"href":"http:\/\/www.tractionavantcie.org\/tractionavant\/wp-json\/wp\/v2\/types\/page"}],"author":[{"embeddable":true,"href":"http:\/\/www.tractionavantcie.org\/tractionavant\/wp-json\/wp\/v2\/users\/1"}],"replies":[{"embeddable":true,"href":"http:\/\/www.tractionavantcie.org\/tractionavant\/wp-json\/wp\/v2\/comments?post=402"}],"version-history":[{"count":8,"href":"http:\/\/www.tractionavantcie.org\/tractionavant\/wp-json\/wp\/v2\/pages\/402\/revisions"}],"predecessor-version":[{"id":2499,"href":"http:\/\/www.tractionavantcie.org\/tractionavant\/wp-json\/wp\/v2\/pages\/402\/revisions\/2499"}],"wp:attachment":[{"href":"http:\/\/www.tractionavantcie.org\/tractionavant\/wp-json\/wp\/v2\/media?parent=402"}],"curies":[{"name":"wp","href":"https:\/\/api.w.org\/{rel}","templated":true}]}}