{"id":570,"date":"2019-05-02T13:10:42","date_gmt":"2019-05-02T11:10:42","guid":{"rendered":"http:\/\/www.tractionavantcie.org\/tractionavant\/?page_id=570"},"modified":"2025-04-30T16:03:46","modified_gmt":"2025-04-30T14:03:46","slug":"lequipe","status":"publish","type":"page","link":"http:\/\/www.tractionavantcie.org\/tractionavant\/lequipe\/","title":{"rendered":"L&#8217;\u00e9quipe"},"content":{"rendered":"<div class=\"menuspect\"><a href=\"http:\/\/www.tractionavantcie.org\/tractionavant\/la-compagnie\/\">La compagnie<\/a><\/div>\n<hr \/>\n<p><strong><span style=\"color: #a80804;\">Slimane BOUNIA<\/span><br \/>\n<em>R\u00e9alisateur, metteur en sc\u00e8ne, com\u00e9dien, danseur &amp; chanteur<\/em><\/strong><\/p>\n<p><a class=\"single_photoswipe\" href=\"http:\/\/www.tractionavantcie.org\/tractionavant\/wp-content\/uploads\/2021\/04\/Slimane3-940x828-1.jpg\" data-size=\"940x828\"><img loading=\"lazy\" class=\"wp-image-2445 alignleft\" src=\"http:\/\/www.tractionavantcie.org\/tractionavant\/wp-content\/uploads\/2021\/04\/Slimane3-940x828-1-300x264.jpg\" alt=\"\" width=\"235\" height=\"206\" srcset=\"http:\/\/www.tractionavantcie.org\/tractionavant\/wp-content\/uploads\/2021\/04\/Slimane3-940x828-1-300x264.jpg 300w, http:\/\/www.tractionavantcie.org\/tractionavant\/wp-content\/uploads\/2021\/04\/Slimane3-940x828-1-768x676.jpg 768w, http:\/\/www.tractionavantcie.org\/tractionavant\/wp-content\/uploads\/2021\/04\/Slimane3-940x828-1.jpg 940w\" sizes=\"(max-width: 235px) 100vw, 235px\" \/><\/a>Il est issu de la sc\u00e8ne. Il commence par la danse hip-hop dans les ann\u00e9es 80. Il d\u00e9couvre le th\u00e9\u00e2tre en interpr\u00e9tant son premier r\u00f4le : le Gavroche de Victor Hugo dans une adaptation en com\u00e9die musicale. Il \u00e9tudie la gestion de projets culturels au sein d\u2019une ma\u00eetrise cog\u00e9r\u00e9e par l\u2019universit\u00e9 Lumi\u00e8re Lyon II et l\u2019ARSEC. Il devient com\u00e9dien et fonde en 1995 sa premi\u00e8re compagnie de th\u00e9\u00e2tre : les Bandits Laitiers o\u00f9 il cosigne des mises en sc\u00e8ne de th\u00e9\u00e2tre mais aussi des courts m\u00e9trages, un feuilleton radiophonique. Au sein des Bandits il exp\u00e9rimente des formes nouvelles comme, par exemple, le feuilleton th\u00e9\u00e2tral o\u00f9 il s\u2019agit de cr\u00e9er une situation in\u00e9dite dans des lieux toujours diff\u00e9rents (bars, salon de pr\u00eat-\u00e0-porter, un lit, un salon de coiffure&#8230;), allant toujours \u00e0 la rencontre de leurs usagers. C\u2019est au sein de cette compagnie qu\u2019il monte sa premi\u00e8re com\u00e9die musicale inspir\u00e9e des milles et une nuit : 307<sup>\u00e8me<\/sup> nuit \u00e0 Samarkand.<br \/>\nPar la suite, il se consacre \u00e0 la r\u00e9alisation de film et compte d\u00e9sormais une filmographie aussi riche que vari\u00e9e, compos\u00e9e tant de vid\u00e9os de cr\u00e9ation, que de documentaires et de courts m\u00e9trages. Il n\u2019a de cesse d\u2019exp\u00e9rimenter des formes narratives audacieuses. Il a obtenu r\u00e9cemment la contribution financi\u00e8re avant r\u00e9alisation du CNC, un pr\u00e9achat France 2 ainsi qu\u2019une aide de la r\u00e9gion Auvergne Rh\u00f4ne-Alpes pour son dernier court m\u00e9trage <a style=\"color: #006699;\" href=\"https:\/\/www.youtube.com\/watch?v=scH6wRH32FQ\" target=\"blank\" rel=\"noopener\"><em>\u00ab Celui qui br\u00fble \u00bb<\/em><\/a>. Il r\u00e9alise avec des jeunes du quartier Cusset \u00e0 Villeurbanne \u00ab <em>Les anges pleureurs<\/em> \u00bb* pour le compte de la <a href=\"https:\/\/cinefabrique.fr\/\">Cin\u00e9Fabrique<\/a> (\u00e9cole de cin\u00e9ma).<br \/>\nC\u2019est en 2007 qu\u2019il rejoint l\u2019\u00e9quipe de Traction Avant comme chanteur d\u2019abord puis comme metteur en sc\u00e8ne. Il r\u00e9alise pour la compagnie plusieurs projets et monte notamment trois com\u00e9dies musicales avec des jeunes de quartiers populaires : la premi\u00e8re au centre culturel d\u2019Oyonnax : \u00ab <em>Ce que le vent d\u2019ouest a entendu<\/em> \u00bb, puis \u00ab <em>Et la lune descend sur le temps qui fuit<\/em> \u00bb, \u00ab <a href=\"http:\/\/www.tractionavantcie.org\/tac\/comedie-musicale-2018\/\"><em>Le courage des oiseaux<\/em><\/a> \u00bb avec des jeunes v\u00e9nissian.ne.s sur le plateau du th\u00e9\u00e2tre de V\u00e9nissieux (d\u00e9cembre 2018).<br \/>\nIl r\u00e9alise la web s\u00e9rie <span style=\"color: #006699;\"><a style=\"color: #006699;\" href=\"https:\/\/www.youtube.com\/@tractionavantcie8533\/playlists\" target=\"_blank\" rel=\"noopener\"><em>\u00ab LA BALLADE DES GENS QUI SONT N\u00c9S QUELQUE PART \u00bb<\/em>.<\/a><\/span><\/p>\n<p><strong><span style=\"color: #a80804;\">Christophe LINAGE<\/span><\/strong><br \/>\n<span style=\"color: #000000;\"><strong><em>Infographiste, webdesigner &amp; illustrateur<\/em><\/strong><\/span><\/p>\n<p>Dipl\u00f4m\u00e9 de l\u2019\u00e9cole d\u2019Arts Appliqu\u00e9s de la ville de Lyon, il exerce depuis 2006 la profession de graphiste, illustrateur, web designer. Il travaille entre autre dans le domaine culturel et artistique avec Jacques Rival, AOI Design, F\u00e9es et gestes, l\u2019Urfol 69, le Cin\u00e9 Caluire, Bidul\u2019Th\u00e9\u00e2tre, la F\u00e9d\u00e9ration des Oeuvres La\u00efques du Rh\u00f4ne, o\u00f9 il rencontre Marc Bernard, ancien directeur de Traction Avant Cie. Il r\u00e9alise ainsi l\u2019ensemble de la communication visuelle de la compagnie.<br \/>\n<a style=\"color: #006699;\" href=\"http:\/\/www.christophelinage.com\" target=\"blank\" rel=\"noopener\">www.christophelinage.com<\/a><\/p>\n<p><span style=\"color: #a80804;\"><strong><span data-olk-copy-source=\"MessageBody\">Mariane GADAT<\/span> (Gespectacle)<br \/>\n<\/strong><\/span><em><strong>Administration &amp; comptabilit\u00e9<\/strong><\/em><\/p>\n","protected":false},"excerpt":{"rendered":"<p>La compagnie Slimane BOUNIA R\u00e9alisateur, metteur en sc\u00e8ne, com\u00e9dien, danseur &amp; chanteur Il est issu de la sc\u00e8ne. Il commence par la danse hip-hop dans les ann\u00e9es 80. Il d\u00e9couvre le th\u00e9\u00e2tre en interpr\u00e9tant son premier r\u00f4le : le Gavroche de Victor Hugo dans une adaptation en com\u00e9die musicale. Il \u00e9tudie la gestion de projets &hellip; <a href=\"http:\/\/www.tractionavantcie.org\/tractionavant\/lequipe\/\" class=\"more-link\">Continuer la lecture de <span class=\"screen-reader-text\">L&#8217;\u00e9quipe<\/span><\/a><\/p>\n","protected":false},"author":1,"featured_media":0,"parent":0,"menu_order":0,"comment_status":"closed","ping_status":"closed","template":"page-cie.php","meta":[],"_links":{"self":[{"href":"http:\/\/www.tractionavantcie.org\/tractionavant\/wp-json\/wp\/v2\/pages\/570"}],"collection":[{"href":"http:\/\/www.tractionavantcie.org\/tractionavant\/wp-json\/wp\/v2\/pages"}],"about":[{"href":"http:\/\/www.tractionavantcie.org\/tractionavant\/wp-json\/wp\/v2\/types\/page"}],"author":[{"embeddable":true,"href":"http:\/\/www.tractionavantcie.org\/tractionavant\/wp-json\/wp\/v2\/users\/1"}],"replies":[{"embeddable":true,"href":"http:\/\/www.tractionavantcie.org\/tractionavant\/wp-json\/wp\/v2\/comments?post=570"}],"version-history":[{"count":28,"href":"http:\/\/www.tractionavantcie.org\/tractionavant\/wp-json\/wp\/v2\/pages\/570\/revisions"}],"predecessor-version":[{"id":4060,"href":"http:\/\/www.tractionavantcie.org\/tractionavant\/wp-json\/wp\/v2\/pages\/570\/revisions\/4060"}],"wp:attachment":[{"href":"http:\/\/www.tractionavantcie.org\/tractionavant\/wp-json\/wp\/v2\/media?parent=570"}],"curies":[{"name":"wp","href":"https:\/\/api.w.org\/{rel}","templated":true}]}}